{"id":134,"date":"2023-08-03T16:55:04","date_gmt":"2023-08-03T19:55:04","guid":{"rendered":"http:\/\/vfpar.com.br\/?page_id=134"},"modified":"2023-08-03T21:48:37","modified_gmt":"2023-08-04T00:48:37","slug":"corporativo","status":"publish","type":"page","link":"https:\/\/vfpar.com.br\/index.php\/corporativo\/","title":{"rendered":"Corporativo"},"content":{"rendered":"\t\t<div data-elementor-type=\"wp-page\" data-elementor-id=\"134\" class=\"elementor elementor-134\" data-elementor-post-type=\"page\">\n\t\t\t\t\t\t<section class=\"elementor-section elementor-top-section elementor-element elementor-element-e3c2a92 elementor-section-boxed elementor-section-height-default elementor-section-height-default\" data-id=\"e3c2a92\" data-element_type=\"section\" data-settings=\"{&quot;background_background&quot;:&quot;classic&quot;}\">\n\t\t\t\t\t\t<div class=\"elementor-container elementor-column-gap-default\">\n\t\t\t\t\t<div class=\"elementor-column elementor-col-50 elementor-top-column elementor-element elementor-element-00ac64e\" data-id=\"00ac64e\" data-element_type=\"column\">\n\t\t\t<div class=\"elementor-widget-wrap elementor-element-populated\">\n\t\t\t\t\t\t<div class=\"elementor-element elementor-element-0b81f62 elementor-widget elementor-widget-heading\" data-id=\"0b81f62\" data-element_type=\"widget\" data-widget_type=\"heading.default\">\n\t\t\t\t<div class=\"elementor-widget-container\">\n\t\t\t\t\t<h2 class=\"elementor-heading-title elementor-size-default\">Corporativo<\/h2>\t\t\t\t<\/div>\n\t\t\t\t<\/div>\n\t\t\t\t<div class=\"elementor-element elementor-element-17d9bcd elementor-widget elementor-widget-text-editor\" data-id=\"17d9bcd\" data-element_type=\"widget\" data-widget_type=\"text-editor.default\">\n\t\t\t\t<div class=\"elementor-widget-container\">\n\t\t\t\t\t\t\t\t\t<div>Tratando-se de VFPAR, embora cada empresa das divis\u00f5es tenha sua pr\u00f3pria estrutura organizacional, a nossa Holding, completa esse quadro como a controladora dos neg\u00f3cios do Grupo.<\/div><div>Possuindo um quadro profissional mais enxuto que o das empresas, a Holding atua sob quatro vertentes:\u00a0<\/div><div>\u00a0<\/div><div style=\"padding-left: 40px;\"><strong>Provedora<\/strong> dos servi\u00e7os de tecnologia da informa\u00e7\u00e3o\u00a0(toda a \u00e1rea de TI \u00e9 corporativa e atua na Holding);\u00a0<\/div><div style=\"padding-left: 40px;\">\u00a0<\/div><div style=\"padding-left: 40px;\"><strong>Respons\u00e1vel<\/strong> por perenizar as boas pr\u00e1ticas das diretrizes\u00a0do Conselho de Administra\u00e7\u00e3o;\u00a0<\/div><div style=\"padding-left: 40px;\">\u00a0<\/div><div style=\"padding-left: 40px;\"><strong>Prestadora<\/strong> de servi\u00e7os t\u00e9cnicos e especializados\u00a0\u00e0s empresas;<\/div><div style=\"padding-left: 40px;\">\u00a0<\/div><div style=\"padding-left: 40px;\"><strong>Family office<\/strong> (atendimento aos acionistas).<\/div><div>\u00a0<\/div><div>\u00c9 dela tamb\u00e9m a responsabilidade de intermediar as grandes negocia\u00e7\u00f5es financeiras que envolvem a VFPAR PARTICIPA\u00c7\u00d5ES. Al\u00e9m de cuidar dos assuntos corporativos, a Holding carrega ainda outra responsabilidade que faz a diferen\u00e7a para o Grupo VFPAR. Em sintese: ela \u00e9 a \u201cguardi\u00e3\u201d dos valores, pilares e conceitos da hist\u00f3ria da empresa.<\/div>\t\t\t\t\t\t\t\t<\/div>\n\t\t\t\t<\/div>\n\t\t\t\t\t<\/div>\n\t\t<\/div>\n\t\t\t\t<div class=\"elementor-column elementor-col-50 elementor-top-column elementor-element elementor-element-7c796e8\" data-id=\"7c796e8\" data-element_type=\"column\">\n\t\t\t<div class=\"elementor-widget-wrap\">\n\t\t\t\t\t\t\t<\/div>\n\t\t<\/div>\n\t\t\t\t\t<\/div>\n\t\t<\/section>\n\t\t\t\t<\/div>\n\t\t","protected":false},"excerpt":{"rendered":"<p>Corporativo Tratando-se de VFPAR, embora cada empresa das divis\u00f5es tenha sua pr\u00f3pria estrutura organizacional, a nossa Holding, completa esse quadro como a controladora dos neg\u00f3cios do Grupo.Possuindo um quadro profissional mais enxuto que o das empresas, a Holding atua sob quatro vertentes:\u00a0\u00a0Provedora dos servi\u00e7os de tecnologia da informa\u00e7\u00e3o\u00a0(toda a \u00e1rea de TI \u00e9 corporativa e [&hellip;]<\/p>\n","protected":false},"author":2,"featured_media":0,"parent":0,"menu_order":0,"comment_status":"closed","ping_status":"closed","template":"elementor_header_footer","meta":{"footnotes":""},"class_list":["post-134","page","type-page","status-publish","hentry"],"_links":{"self":[{"href":"https:\/\/vfpar.com.br\/index.php\/wp-json\/wp\/v2\/pages\/134","targetHints":{"allow":["GET"]}}],"collection":[{"href":"https:\/\/vfpar.com.br\/index.php\/wp-json\/wp\/v2\/pages"}],"about":[{"href":"https:\/\/vfpar.com.br\/index.php\/wp-json\/wp\/v2\/types\/page"}],"author":[{"embeddable":true,"href":"https:\/\/vfpar.com.br\/index.php\/wp-json\/wp\/v2\/users\/2"}],"replies":[{"embeddable":true,"href":"https:\/\/vfpar.com.br\/index.php\/wp-json\/wp\/v2\/comments?post=134"}],"version-history":[{"count":13,"href":"https:\/\/vfpar.com.br\/index.php\/wp-json\/wp\/v2\/pages\/134\/revisions"}],"predecessor-version":[{"id":266,"href":"https:\/\/vfpar.com.br\/index.php\/wp-json\/wp\/v2\/pages\/134\/revisions\/266"}],"wp:attachment":[{"href":"https:\/\/vfpar.com.br\/index.php\/wp-json\/wp\/v2\/media?parent=134"}],"curies":[{"name":"wp","href":"https:\/\/api.w.org\/{rel}","templated":true}]}}